{"id":3,"date":"2020-03-23T11:16:51","date_gmt":"2020-03-23T10:16:51","guid":{"rendered":"http:\/\/myelosgreen.com\/?page_id=3"},"modified":"2020-09-14T12:12:55","modified_gmt":"2020-09-14T10:12:55","slug":"politica-privacidad","status":"publish","type":"page","link":"https:\/\/www.myelosgreen.com\/fr\/politica-privacidad\/","title":{"rendered":"Pol\u00edtica de privacidad"},"content":{"rendered":"<div class=\"wpb-content-wrapper\"><p>[vc_row][vc_column]<div class=\"boc_spacing \" style=\"height: 20px\"><\/div>[vc_column_text]POLITIQUE DE PROTECTION DE LA VIE PRIV\u00c9E<\/p>\n<p>La pr\u00e9sente politique a pour but d&rsquo;informer les parties int\u00e9ress\u00e9es sur les diff\u00e9rents traitements effectu\u00e9s par cette organisation \u00e0 travers le site web et qui affectent leurs donn\u00e9es personnelles conform\u00e9ment aux dispositions de la loi organique 3\/2018 du 5 d\u00e9cembre sur la protection des donn\u00e9es personnelles et la garantie des droits num\u00e9riques et du r\u00e8glement (UE) 2016\/679 du Parlement europ\u00e9en et du Conseil du 27 avril 2016.<\/p>\n<p>L&rsquo;IDENTIFICATION ET LES COORDONN\u00c9ES DE LA PERSONNE RESPONSABLE.<br \/>\nL&rsquo;organisation GREEN RESEARCH S.L., dont le si\u00e8ge social est situ\u00e9 Carrer de la Gu\u00e0rdia Civil, 26, 1\u00ba D 46020 Valencia, t\u00e9l\u00e9phone de contact : 960 03 42 56 et e-mail : info@myelosgreen.com<\/p>\n<p>LES FINALIT\u00c9S DU TRAITEMENT DE VOS DONN\u00c9ES PERSONNELLES.<br \/>\nLES UTILISATEURS\/NAVIGATEURS DU SITE WEB DE LA PERSONNE RESPONSABLE.<br \/>\nNous traiterons vos donn\u00e9es personnelles fournies par le biais de nos formulaires web pour :<\/p>\n<p>Pour r\u00e9pondre aux demandes, plaintes et incidents transmis par nos canaux de contact int\u00e9gr\u00e9s \u00e0 la page web.<br \/>\nComprendre le comportement du navigateur au sein du site web afin de d\u00e9tecter d&rsquo;\u00e9ventuelles attaques informatiques sur notre site web.<br \/>\nRespecter les obligations l\u00e9gales qui nous sont directement applicables et qui r\u00e9gissent notre activit\u00e9.<br \/>\nPour prot\u00e9ger et exercer nos droits ou r\u00e9pondre \u00e0 des r\u00e9clamations de toute nature.<br \/>\nLe cas \u00e9ch\u00e9ant, pour envoyer des communications commerciales concernant les biens ou les services qui constituent notre activit\u00e9, et\/ou des nouvelles ou des bulletins relatifs \u00e0 notre secteur.<br \/>\nPour g\u00e9rer, administrer, superviser votre activit\u00e9 dans le blog\/forum incorpor\u00e9.<br \/>\nLA BASE JURIDIQUE DU TRAITEMENT.<br \/>\nLES UTILISATEURS\/NAVIGATEURS DANS LA PAGE WEB DU RESPONSABLE. Dans le consentement que vous nous avez donn\u00e9 pour traiter vos donn\u00e9es aux fins indiqu\u00e9es. Le refus de fournir vos donn\u00e9es personnelles rendra impossible le traitement de vos donn\u00e9es aux fins susmentionn\u00e9es.<br \/>\nRespecter les obligations l\u00e9gales qui nous sont applicables. Dans ce cas, la personne concern\u00e9e ne peut pas refuser de traiter les donn\u00e9es \u00e0 caract\u00e8re personnel.<br \/>\nDans notre int\u00e9r\u00eat l\u00e9gitime de prot\u00e9ger notre image, nos activit\u00e9s et nos ant\u00e9c\u00e9dents en emp\u00eachant les attaques sur notre site web. Dans ce cas, l&rsquo;int\u00e9ress\u00e9 ne peut pas refuser le traitement des donn\u00e9es \u00e0 caract\u00e8re personnel, mais il peut exercer, le cas \u00e9ch\u00e9ant, les droits reconnus \u00e0 l&rsquo;article 8 de la pr\u00e9sente politique<br \/>\nLES D\u00c9LAIS OU LES CRIT\u00c8RES DE CONSERVATION DES DONN\u00c9ES.<\/p>\n<p>Les donn\u00e9es personnelles fournies seront conserv\u00e9es pendant le temps n\u00e9cessaire \u00e0 la r\u00e9alisation des objectifs pour lesquels elles ont \u00e9t\u00e9 initialement collect\u00e9es.<\/p>\n<p>Lorsque les donn\u00e9es ne sont plus n\u00e9cessaires pour le traitement en question, elles seront conserv\u00e9es d\u00fbment bloqu\u00e9es afin de les mettre \u00e0 la disposition des Administrations et Organismes publics comp\u00e9tents, des Juges et Tribunaux ou du Minist\u00e8re public, selon le cas, pendant la p\u00e9riode de prescription des actions pouvant d\u00e9couler de la relation entretenue avec le client et\/ou les p\u00e9riodes de conservation pr\u00e9vues par la loi.<\/p>\n<p>LES D\u00c9CISIONS AUTOMATIS\u00c9ES ET LE PROFILAGE.<br \/>\nLe site web ne prend pas de d\u00e9cisions automatis\u00e9es et ne cr\u00e9e pas de profils.<\/p>\n<p>LES OBJECTIFS.<br \/>\nPendant la p\u00e9riode o\u00f9 vos donn\u00e9es personnelles sont trait\u00e9es, l&rsquo;organisation peut transf\u00e9rer vos donn\u00e9es aux destinataires suivants :<\/p>\n<p>Juges et tribunaux.<br \/>\nForces et corps de s\u00e9curit\u00e9 de l&rsquo;\u00c9tat.<br \/>\nd&rsquo;autres autorit\u00e9s ou organismes publics comp\u00e9tents, lorsque le responsable est l\u00e9galement tenu de fournir les donn\u00e9es \u00e0 caract\u00e8re personnel.<br \/>\nLES TRANSFERTS INTERNATIONAUX DE DONN\u00c9ES.<br \/>\nL&rsquo;organisation n&rsquo;effectue aucun transfert international de donn\u00e9es.<\/p>\n<p>DROITS.<br \/>\nLes personnes concern\u00e9es peuvent, \u00e0 tout moment et gratuitement, exercer leurs droits d&rsquo;acc\u00e8s, de rectification et de suppression, ainsi que demander que le traitement de leurs donn\u00e9es personnelles soit limit\u00e9, s&rsquo;y opposer, demander la portabilit\u00e9 de leurs donn\u00e9es (lorsque cela est techniquement possible) ou retirer leur consentement, et, le cas \u00e9ch\u00e9ant, ne pas \u00eatre soumises \u00e0 une d\u00e9cision fond\u00e9e uniquement sur un traitement automatis\u00e9, y compris le profilage.<\/p>\n<p>Pour ce faire, vous pouvez utiliser les formulaires fournis par l&rsquo;organisation, ou \u00e9crire \u00e0 l&rsquo;adresse postale ou \u00e0 l&rsquo;adresse \u00e9lectronique ci-dessus. Dans tous les cas, votre demande doit \u00eatre accompagn\u00e9e d&rsquo;une photocopie de votre carte d&rsquo;identit\u00e9 ou d&rsquo;un document \u00e9quivalent, afin de prouver votre identit\u00e9.<\/p>\n<p>Si vous estimez que vos droits ont \u00e9t\u00e9 viol\u00e9s en ce qui concerne la protection de vos donn\u00e9es \u00e0 caract\u00e8re personnel, notamment lorsque vous n&rsquo;avez pas \u00e9t\u00e9 satisfait de l&rsquo;exercice de vos droits, vous pouvez d\u00e9poser une plainte aupr\u00e8s de l&rsquo;autorit\u00e9 de contr\u00f4le de la protection des donn\u00e9es comp\u00e9tente (Agence espagnole de protection des donn\u00e9es), par l&rsquo;interm\u00e9diaire de son site web : www.agpd.es.<\/p>\n<p>Conform\u00e9ment aux dispositions de l&rsquo;article 21 de la loi 34\/2002 sur les services de la soci\u00e9t\u00e9 de l&rsquo;information et du commerce \u00e9lectronique, si vous ne souhaitez plus recevoir d&rsquo;informations sur nos services, vous pouvez vous d\u00e9sabonner en envoyant un courrier \u00e9lectronique \u00e0 info@myelosgreen.com, avec pour objet \u00ab\u00a0UNSUBSCRIBE\u00a0\u00bb ou en cliquant sur la section du courrier *\u00e0 d\u00e9sabonner*.<\/p>\n<p>LA V\u00c9RACIT\u00c9 DES DONN\u00c9ES.<br \/>\nL&rsquo;int\u00e9ress\u00e9 garantit que les donn\u00e9es fournies sont vraies, exactes, compl\u00e8tes et mises \u00e0 jour ; il s&rsquo;engage \u00e0 informer de toute modification des donn\u00e9es fournies, par les canaux pr\u00e9vus \u00e0 cet effet et indiqu\u00e9s au point 1 de la pr\u00e9sente politique. Elle sera responsable de tout dommage direct ou indirect qui pourrait \u00eatre caus\u00e9 \u00e0 la suite du non-respect de cette obligation.<\/p>\n<p>Dans le cas o\u00f9 l&rsquo;utilisateur fournit des donn\u00e9es provenant de tiers, il d\u00e9clare avoir le consentement des parties int\u00e9ress\u00e9es et s&rsquo;engage \u00e0 transmettre les informations contenues dans cette clause, en exemptant l&rsquo;organisation de toute responsabilit\u00e9 d\u00e9coulant du non-respect de cette obligation.<\/p>\n<p>Derni\u00e8re r\u00e9vision : septembre 2020[\/vc_column_text][\/vc_column][\/vc_row]<\/p>\n<\/div>","protected":false},"excerpt":{"rendered":"<p>[vc_row][vc_column][vc_column_text]POLITIQUE DE PROTECTION DE LA VIE PRIV\u00c9E La pr\u00e9sente politique a pour but d&rsquo;informer les parties int\u00e9ress\u00e9es sur les diff\u00e9rents traitements effectu\u00e9s par cette organisation \u00e0 travers le site web et qui affectent leurs donn\u00e9es personnelles conform\u00e9ment aux dispositions de la loi organique 3\/2018 du 5 d\u00e9cembre sur la protection des donn\u00e9es personnelles et la garantie des droits num\u00e9riques et<\/p>\n<div class=\"h10\"><\/div>\n<p><a class=\"more-link2 flat\" href=\"https:\/\/www.myelosgreen.com\/fr\/politica-privacidad\/\">Read more<\/a><\/p>\n","protected":false},"author":1,"featured_media":0,"parent":0,"menu_order":0,"comment_status":"closed","ping_status":"closed","template":"","meta":{"footnotes":""},"class_list":["post-3","page","type-page","status-publish","hentry"],"_links":{"self":[{"href":"https:\/\/www.myelosgreen.com\/fr\/wp-json\/wp\/v2\/pages\/3"}],"collection":[{"href":"https:\/\/www.myelosgreen.com\/fr\/wp-json\/wp\/v2\/pages"}],"about":[{"href":"https:\/\/www.myelosgreen.com\/fr\/wp-json\/wp\/v2\/types\/page"}],"author":[{"embeddable":true,"href":"https:\/\/www.myelosgreen.com\/fr\/wp-json\/wp\/v2\/users\/1"}],"replies":[{"embeddable":true,"href":"https:\/\/www.myelosgreen.com\/fr\/wp-json\/wp\/v2\/comments?post=3"}],"version-history":[{"count":6,"href":"https:\/\/www.myelosgreen.com\/fr\/wp-json\/wp\/v2\/pages\/3\/revisions"}],"predecessor-version":[{"id":25244,"href":"https:\/\/www.myelosgreen.com\/fr\/wp-json\/wp\/v2\/pages\/3\/revisions\/25244"}],"wp:attachment":[{"href":"https:\/\/www.myelosgreen.com\/fr\/wp-json\/wp\/v2\/media?parent=3"}],"curies":[{"name":"wp","href":"https:\/\/api.w.org\/{rel}","templated":true}]}}